{"id":989206,"date":"2025-09-02T14:15:18","date_gmt":"2025-09-02T12:15:18","guid":{"rendered":"https:\/\/magula.kucerka.sk\/?post_type=product&#038;p=989206"},"modified":"2025-09-03T15:48:36","modified_gmt":"2025-09-03T13:48:36","slug":"masterclass-modry-portugal-vertikala","status":"publish","type":"product","link":"https:\/\/magula.kucerka.sk\/en\/produkt\/masterclass-modry-portugal-vertikala\/","title":{"rendered":"Masterclass: Modr\u00fd Portugal \u2013 vertik\u00e1la"},"content":{"rendered":"<div class=\"vgblk-rw-wrapper limit-wrapper\">Modr\u00fd Portugal patr\u00ed historicky k najtypickej\u0161\u00edm modr\u00fdm odrod\u00e1m Ore\u0161ansk\u00e9ho raj\u00f3nu. Ako vravia na\u0161i priatelia z Terra Parna \u201eDomov Portugalu je v Suchej nad Parnou\u201c. A pr\u00e1ve tu sa nach\u00e1dzaj\u00fa na\u0161e viac ne\u017e 50-ro\u010dn\u00e9 vinice, ktor\u00e9 s\u00fa z\u00e1kladom tejto v\u00fdnimo\u010dnej degust\u00e1cie &#8211; v ikonickom Vl\u010dindole.<\/p>\n<p>Uk\u00e1\u017eeme, \u017ee Modr\u00fd Portugal vie by\u0165 charaktern\u00e9 a sofistikovan\u00e9 v\u00edno s potenci\u00e1lom zrenia. Prejdeme si vertik\u00e1lu ro\u010dn\u00edkov 2012\u20132018, vr\u00e1tane raritn\u00e9ho, extr\u00e9mne limitovan\u00e9ho Teufelsecke, a prid\u00e1me aj nieko\u013eko bonusov\u00fdch vzoriek z n\u00e1\u0161ho arch\u00edvu.<\/p>\n<p>Kedy a kde: 6. 9. 2025 (sobota), 15:00, po\u010das festivalu Vlci a ru\u017ee<br \/>\nKapacita: max. 16 os\u00f4b<br \/>\nCena: 29 \u20ac \/ osoba<br \/>\nD\u00f4le\u017eit\u00e9: Masterclass je dostupn\u00e1 len dr\u017eite\u013eom platnej vstupenky na festival (nie je s\u00fa\u010das\u0165ou ceny).<br \/>\n\u010co ochutn\u00e1me: Modr\u00fd Portugal 2012\u20132018 (vertik\u00e1la), Teufelsecke, + bonusy.<br \/>\nPre koho: milovn\u00edci odr\u00f4d s terroirov\u00fdm charakterom a arch\u00edvnym potenci\u00e1lom.<\/p><\/div>\n<p><!-- .vgblk-rw-wrapper --><\/p>\n","protected":false},"excerpt":{"rendered":"<p>Vertik\u00e1lna degust\u00e1cia arch\u00edvnych ro\u010dn\u00edkov Suchovsk\u00e9ho Modr\u00e9ho Portugalu tak, ako ste to e\u0161te neza\u017eili<\/p>\n","protected":false},"featured_media":989209,"comment_status":"open","ping_status":"closed","template":"","meta":{"_acf_changed":false},"product_brand":[],"product_cat":[334],"product_tag":[],"class_list":{"0":"post-989206","1":"product","2":"type-product","3":"status-publish","4":"has-post-thumbnail","6":"product_cat-eventy","8":"first","9":"instock","10":"taxable","11":"shipping-taxable","12":"purchasable","13":"product-type-simple"},"acf":[],"_links":{"self":[{"href":"https:\/\/magula.kucerka.sk\/en\/wp-json\/wp\/v2\/product\/989206","targetHints":{"allow":["GET"]}}],"collection":[{"href":"https:\/\/magula.kucerka.sk\/en\/wp-json\/wp\/v2\/product"}],"about":[{"href":"https:\/\/magula.kucerka.sk\/en\/wp-json\/wp\/v2\/types\/product"}],"replies":[{"embeddable":true,"href":"https:\/\/magula.kucerka.sk\/en\/wp-json\/wp\/v2\/comments?post=989206"}],"version-history":[{"count":3,"href":"https:\/\/magula.kucerka.sk\/en\/wp-json\/wp\/v2\/product\/989206\/revisions"}],"predecessor-version":[{"id":989233,"href":"https:\/\/magula.kucerka.sk\/en\/wp-json\/wp\/v2\/product\/989206\/revisions\/989233"}],"wp:featuredmedia":[{"embeddable":true,"href":"https:\/\/magula.kucerka.sk\/en\/wp-json\/wp\/v2\/media\/989209"}],"wp:attachment":[{"href":"https:\/\/magula.kucerka.sk\/en\/wp-json\/wp\/v2\/media?parent=989206"}],"wp:term":[{"taxonomy":"product_brand","embeddable":true,"href":"https:\/\/magula.kucerka.sk\/en\/wp-json\/wp\/v2\/product_brand?post=989206"},{"taxonomy":"product_cat","embeddable":true,"href":"https:\/\/magula.kucerka.sk\/en\/wp-json\/wp\/v2\/product_cat?post=989206"},{"taxonomy":"product_tag","embeddable":true,"href":"https:\/\/magula.kucerka.sk\/en\/wp-json\/wp\/v2\/product_tag?post=989206"}],"curies":[{"name":"wp","href":"https:\/\/api.w.org\/{rel}","templated":true}]}}